{"id":9,"date":"2023-04-26T20:21:45","date_gmt":"2023-04-26T23:21:45","guid":{"rendered":"https:\/\/torredeoracao.curitiba.br\/?page_id=9"},"modified":"2023-05-13T16:37:50","modified_gmt":"2023-05-13T19:37:50","slug":"elementor-9","status":"publish","type":"page","link":"https:\/\/torredeoracao.curitiba.br\/","title":{"rendered":"Torre de Ora\u00e7\u00e3o Curitiba"},"content":{"rendered":"\t\t<div data-elementor-type=\"wp-post\" data-elementor-id=\"9\" class=\"elementor elementor-9\">\n\t\t\t\t\t\t<section class=\"elementor-section elementor-top-section elementor-element elementor-element-1733eed elementor-section-full_width elementor-section-height-min-height elementor-section-height-default elementor-section-items-middle\" data-id=\"1733eed\" data-element_type=\"section\" data-settings=\"{&quot;background_background&quot;:&quot;classic&quot;}\">\n\t\t\t\t\t\t\t<div class=\"elementor-background-overlay\"><\/div>\n\t\t\t\t\t\t\t<div class=\"elementor-container elementor-column-gap-default\">\n\t\t\t\t\t<div class=\"elementor-column elementor-col-100 elementor-top-column elementor-element elementor-element-efbd0cf\" data-id=\"efbd0cf\" data-element_type=\"column\">\n\t\t\t<div class=\"elementor-widget-wrap elementor-element-populated\">\n\t\t\t\t\t\t<div class=\"elementor-element elementor-element-8997d97 elementor-widget elementor-widget-heading\" data-id=\"8997d97\" data-element_type=\"widget\" data-widget_type=\"heading.default\">\n\t\t\t\t<div class=\"elementor-widget-container\">\n\t\t\t\t\t<h2 class=\"elementor-heading-title elementor-size-default\">BEM VINDOS \u00c0 TORRE<br>DE ORA\u00c7\u00c3O DE CURITIBA \n<\/h2>\t\t\t\t<\/div>\n\t\t\t\t<\/div>\n\t\t\t\t\t<\/div>\n\t\t<\/div>\n\t\t\t\t\t<\/div>\n\t\t<\/section>\n\t\t\t\t<section class=\"elementor-section elementor-top-section elementor-element elementor-element-91c8a21 elementor-section-stretched elementor-section-full_width elementor-section-height-default elementor-section-height-default\" data-id=\"91c8a21\" data-element_type=\"section\" data-settings=\"{&quot;stretch_section&quot;:&quot;section-stretched&quot;,&quot;background_background&quot;:&quot;classic&quot;}\">\n\t\t\t\t\t\t<div class=\"elementor-container elementor-column-gap-default\">\n\t\t\t\t\t<div class=\"elementor-column elementor-col-100 elementor-top-column elementor-element elementor-element-233724d\" data-id=\"233724d\" data-element_type=\"column\">\n\t\t\t<div class=\"elementor-widget-wrap elementor-element-populated\">\n\t\t\t\t\t\t<div class=\"elementor-element elementor-element-d0fc693 elementor-widget elementor-widget-text-editor\" data-id=\"d0fc693\" data-element_type=\"widget\" data-widget_type=\"text-editor.default\">\n\t\t\t\t<div class=\"elementor-widget-container\">\n\t\t\t\t\t\t\t\t\t<p>Esta \u00e9 uma iniciativa das igrejas evang\u00e9licas da cidade de Curitiba em parceria com a Prefeitura de nossa cidade.<\/p>\t\t\t\t\t\t\t\t<\/div>\n\t\t\t\t<\/div>\n\t\t\t\t<div class=\"elementor-element elementor-element-bb18bb8 elementor-widget elementor-widget-text-editor\" data-id=\"bb18bb8\" data-element_type=\"widget\" data-widget_type=\"text-editor.default\">\n\t\t\t\t<div class=\"elementor-widget-container\">\n\t\t\t\t\t\t\t\t\t<p>Reuni\u00f5es de ora\u00e7\u00e3o acontecem \u00e0s ter\u00e7as-feiras das 9h \u00e0s 9h50 da manh\u00e3, com capacidade m\u00e1xima de 62 pessoas. Temos um sistema de agendamento para organizar a participa\u00e7\u00e3o dos crist\u00e3os que desejam orar pela cidade, sob a lideran\u00e7a de um pastor em cada turno de ora\u00e7\u00e3o.<\/p>\t\t\t\t\t\t\t\t<\/div>\n\t\t\t\t<\/div>\n\t\t\t\t<div class=\"elementor-element elementor-element-6ddfb59 elementor-widget elementor-widget-heading\" data-id=\"6ddfb59\" data-element_type=\"widget\" data-widget_type=\"heading.default\">\n\t\t\t\t<div class=\"elementor-widget-container\">\n\t\t\t\t\t<h2 class=\"elementor-heading-title elementor-size-default\">Voc\u00ea precisa agendar sua participa\u00e7\u00e3o na tela abaixo e comparecer na data marcada.<\/h2>\t\t\t\t<\/div>\n\t\t\t\t<\/div>\n\t\t\t\t\t<\/div>\n\t\t<\/div>\n\t\t\t\t\t<\/div>\n\t\t<\/section>\n\t\t\t\t<section class=\"elementor-section elementor-top-section elementor-element elementor-element-8f22577 elementor-section-boxed elementor-section-height-default elementor-section-height-default\" data-id=\"8f22577\" data-element_type=\"section\" data-settings=\"{&quot;background_background&quot;:&quot;classic&quot;}\">\n\t\t\t\t\t\t<div class=\"elementor-container elementor-column-gap-default\">\n\t\t\t\t\t<div class=\"elementor-column elementor-col-100 elementor-top-column elementor-element elementor-element-c2a9e17\" data-id=\"c2a9e17\" data-element_type=\"column\">\n\t\t\t<div class=\"elementor-widget-wrap elementor-element-populated\">\n\t\t\t\t\t\t<div class=\"elementor-element elementor-element-6b7c455 elementor-widget elementor-widget-html\" data-id=\"6b7c455\" data-element_type=\"widget\" data-widget_type=\"html.default\">\n\t\t\t\t<div class=\"elementor-widget-container\">\n\t\t\t\t\t<iframe src=\"https:\/\/voucher.pibcuritiba.org.br\/torre.php\" height=\"600\"><\/iframe>\t\t\t\t<\/div>\n\t\t\t\t<\/div>\n\t\t\t\t\t<\/div>\n\t\t<\/div>\n\t\t\t\t\t<\/div>\n\t\t<\/section>\n\t\t\t\t<section class=\"elementor-section elementor-top-section elementor-element elementor-element-1c4d537 elementor-section-boxed elementor-section-height-default elementor-section-height-default\" data-id=\"1c4d537\" data-element_type=\"section\" data-settings=\"{&quot;shape_divider_top&quot;:&quot;zigzag&quot;}\">\n\t\t\t\t\t<div class=\"elementor-shape elementor-shape-top\" aria-hidden=\"true\" data-negative=\"false\">\n\t\t\t<svg xmlns=\"http:\/\/www.w3.org\/2000\/svg\" viewBox=\"0 0 1800 5.8\" preserveAspectRatio=\"none\">\n  <path class=\"elementor-shape-fill\" d=\"M5.4.4l5.4 5.3L16.5.4l5.4 5.3L27.5.4 33 5.7 38.6.4l5.5 5.4h.1L49.9.4l5.4 5.3L60.9.4l5.5 5.3L72 .4l5.5 5.3L83.1.4l5.4 5.3L94.1.4l5.5 5.4h.2l5.6-5.4 5.5 5.3 5.6-5.3 5.4 5.3 5.6-5.3 5.5 5.3 5.6-5.3 5.5 5.4h.2l5.6-5.4 5.4 5.3L161 .4l5.4 5.3L172 .4l5.5 5.3 5.6-5.3 5.4 5.3 5.7-5.3 5.4 5.4h.2l5.6-5.4 5.5 5.3 5.6-5.3 5.5 5.3 5.6-5.3 5.4 5.3 5.6-5.3 5.5 5.4h.2l5.6-5.4 5.5 5.3L261 .4l5.4 5.3L272 .4l5.5 5.3 5.6-5.3 5.5 5.3 5.6-5.3 5.5 5.4h.1l5.7-5.4 5.4 5.3 5.6-5.3 5.5 5.3 5.6-5.3 5.4 5.3 5.7-5.3 5.4 5.4h.2l5.6-5.4 5.5 5.3L361 .4l5.5 5.3 5.6-5.3 5.4 5.3 5.6-5.3 5.5 5.3 5.6-5.3 5.5 5.4h.1l5.7-5.4 5.4 5.3 5.6-5.3 5.5 5.3 5.6-5.3 5.5 5.3 5.6-5.3 5.5 5.4h.1l5.6-5.4 5.5 5.3L461 .4l5.5 5.3 5.6-5.3 5.4 5.3 5.7-5.3 5.4 5.3 5.6-5.3 5.5 5.4h.2l5.6-5.4 5.5 5.3 5.6-5.3 5.4 5.3 5.6-5.3 5.5 5.3 5.6-5.3 5.5 5.4h.1L550 .4l5.4 5.3L561 .4l5.5 5.3 5.6-5.3 5.5 5.3 5.6-5.3 5.4 5.3 5.6-5.3 5.5 5.4h.2l5.6-5.4 5.5 5.3 5.6-5.3 5.4 5.3 5.7-5.3 5.4 5.3 5.6-5.3 5.5 5.4h.2L650 .4l5.5 5.3 5.6-5.3 5.4 5.3 5.6-5.3 5.5 5.3 5.6-5.3 5.5 5.3 5.6-5.3 5.4 5.4h.2l5.6-5.4 5.5 5.3 5.6-5.3 5.5 5.3 5.6-5.3 5.4 5.3 5.6-5.3 5.5 5.4h.2L750 .4l5.5 5.3 5.6-5.3 5.4 5.3 5.7-5.3 5.4 5.3 5.6-5.3 5.5 5.3 5.6-5.3 5.5 5.4h.1l5.7-5.4 5.4 5.3 5.6-5.3 5.5 5.3 5.6-5.3 5.5 5.3 5.6-5.3 5.4 5.4h.2L850 .4l5.5 5.3 5.6-5.3 5.5 5.3 5.6-5.3 5.4 5.3 5.6-5.3 5.5 5.3 5.6-5.3 5.5 5.4h.2l5.6-5.4 5.4 5.3 5.7-5.3 5.4 5.3 5.6-5.3 5.5 5.3 5.6-5.3 5.5 5.4h.1l5.7-5.4 5.4 5.3 5.6-5.3 5.5 5.3 5.6-5.3 5.5 5.3 5.6-5.3 5.4 5.3 5.6-5.3 5.5 5.4h.2l5.6-5.4 5.5 5.3 5.6-5.3 5.4 5.3 5.6-5.3 5.5 5.3 5.6-5.3 5.5 5.4h.2l5.6-5.4 5.4 5.3 5.7-5.3 5.4 5.3 5.6-5.3 5.5 5.3 5.6-5.3 5.5 5.3 5.6-5.3 5.4 5.4h.2l5.6-5.4 5.5 5.3 5.6-5.3 5.5 5.3 5.6-5.3 5.4 5.3 5.6-5.3 5.5 5.4h.2l5.6-5.4 5.5 5.3 5.6-5.3 5.4 5.3 5.6-5.3 5.5 5.3 5.6-5.3 5.5 5.3 5.6-5.3 5.5 5.4h.1l5.7-5.4 5.4 5.3 5.6-5.3 5.5 5.3 5.6-5.3 5.5 5.3 5.6-5.3 5.4 5.4h.2l5.6-5.4 5.5 5.3 5.6-5.3 5.5 5.3 5.6-5.3 5.4 5.3 5.6-5.3 5.5 5.3 5.6-5.3 5.5 5.4h.2l5.6-5.4 5.4 5.3 5.6-5.3 5.5 5.3 5.6-5.3 5.5 5.3 5.6-5.3 5.5 5.4h.1l5.7-5.4 5.4 5.3 5.6-5.3 5.5 5.3 5.6-5.3 5.5 5.3 5.6-5.3 5.4 5.3 5.6-5.3 5.5 5.4h.2l5.6-5.4 5.5 5.3 5.6-5.3 5.4 5.3 5.6-5.3 5.5 5.3 5.6-5.3 5.5 5.4h.2l5.6-5.4 5.4 5.3 5.6-5.3 5.5 5.3 5.6-5.3 5.5 5.3 5.6-5.3 5.4 5.3 5.7-5.3 5.4 5.4h.2l5.6-5.4 5.5 5.3 5.6-5.3 5.5 5.3 5.6-5.3 5.4 5.3 5.6-5.3 5.5 5.4h.2l5.6-5.4 5.5 5.3 5.6-5.3 5.4 5.3 5.6-5.3 5.5 5.3 5.6-5.3 5.5 5.3 5.6-5.3 5.5 5.4h.1l5.6-5.4 5.5 5.3 5.6-5.3 5.5 5.3 5.6-5.3 5.4 5.3 5.7-5.3 5.4 5.4h.2l5.6-5.4 5.5 5.3 5.6-5.3 5.5 5.3 5.6-5.3 5.4 5.3 5.6-5.3 5.5 5.3 5.6-5.3 5.5 5.4h.1l5.7-5.4 5.4 5.3 5.6-5.3 5.5 5.3 5.6-5.3 5.5 5.3 5.6-5.3 5.5 5.4h.1l5.6-5.4 5.5 5.3 5.6-5.3 5.5 5.3 5.6-5.3 5.4 5.3 5.7-5.3 5.4 5.3 5.6-5.3 5.5 5.4V0H-.2v5.8z\"\/>\n<\/svg>\n\t\t<\/div>\n\t\t\t\t\t<div class=\"elementor-container elementor-column-gap-default\">\n\t\t\t\t\t<div class=\"elementor-column elementor-col-100 elementor-top-column elementor-element elementor-element-ba6858c\" data-id=\"ba6858c\" data-element_type=\"column\">\n\t\t\t<div class=\"elementor-widget-wrap elementor-element-populated\">\n\t\t\t\t\t\t<div class=\"elementor-element elementor-element-6cedbba elementor-widget elementor-widget-heading\" data-id=\"6cedbba\" data-element_type=\"widget\" data-widget_type=\"heading.default\">\n\t\t\t\t<div class=\"elementor-widget-container\">\n\t\t\t\t\t<h2 class=\"elementor-heading-title elementor-size-default\">Orienta\u00e7\u00f5es importantes<\/h2>\t\t\t\t<\/div>\n\t\t\t\t<\/div>\n\t\t\t\t<div class=\"elementor-element elementor-element-a5bca2a elementor-widget elementor-widget-text-editor\" data-id=\"a5bca2a\" data-element_type=\"widget\" data-widget_type=\"text-editor.default\">\n\t\t\t\t<div class=\"elementor-widget-container\">\n\t\t\t\t\t\t\t\t\t<p><span style=\"font-weight: 400;\">Este \u00e9 um espa\u00e7o de acesso controlado e cedido pelo poder p\u00fablico. Por isso pedimos a colabora\u00e7\u00e3o de todos para seguirem estas instru\u00e7\u00f5es:<\/span><\/p>\t\t\t\t\t\t\t\t<\/div>\n\t\t\t\t<\/div>\n\t\t\t\t<div class=\"elementor-element elementor-element-3e67ea4 elementor-icon-list--layout-traditional elementor-list-item-link-full_width elementor-widget elementor-widget-icon-list\" data-id=\"3e67ea4\" data-element_type=\"widget\" data-widget_type=\"icon-list.default\">\n\t\t\t\t<div class=\"elementor-widget-container\">\n\t\t\t\t\t\t\t<ul class=\"elementor-icon-list-items\">\n\t\t\t\t\t\t\t<li class=\"elementor-icon-list-item\">\n\t\t\t\t\t\t\t\t\t\t\t<span class=\"elementor-icon-list-icon\">\n\t\t\t\t\t\t\t<i aria-hidden=\"true\" class=\"fas fa-clock\"><\/i>\t\t\t\t\t\t<\/span>\n\t\t\t\t\t\t\t\t\t\t<span class=\"elementor-icon-list-text\">Respeite o hor\u00e1rio de in\u00edcio e t\u00e9rmino do turno de ora\u00e7\u00e3o (9h \u00e0s 9h50) pontualmente<\/span>\n\t\t\t\t\t\t\t\t\t<\/li>\n\t\t\t\t\t\t\t\t<li class=\"elementor-icon-list-item\">\n\t\t\t\t\t\t\t\t\t\t\t<span class=\"elementor-icon-list-icon\">\n\t\t\t\t\t\t\t<i aria-hidden=\"true\" class=\"fas fa-hamburger\"><\/i>\t\t\t\t\t\t<\/span>\n\t\t\t\t\t\t\t\t\t\t<span class=\"elementor-icon-list-text\">N\u00e3o consuma alimentos nem leve utens\u00edlios que n\u00e3o sejam autorizados para o local<\/span>\n\t\t\t\t\t\t\t\t\t<\/li>\n\t\t\t\t\t\t\t\t<li class=\"elementor-icon-list-item\">\n\t\t\t\t\t\t\t\t\t\t\t<span class=\"elementor-icon-list-icon\">\n\t\t\t\t\t\t\t<i aria-hidden=\"true\" class=\"fas fa-broom\"><\/i>\t\t\t\t\t\t<\/span>\n\t\t\t\t\t\t\t\t\t\t<span class=\"elementor-icon-list-text\">Mantenha o local limpo e organizado<\/span>\n\t\t\t\t\t\t\t\t\t<\/li>\n\t\t\t\t\t\t\t\t<li class=\"elementor-icon-list-item\">\n\t\t\t\t\t\t\t\t\t\t\t<span class=\"elementor-icon-list-icon\">\n\t\t\t\t\t\t\t<i aria-hidden=\"true\" class=\"fas fa-pray\"><\/i>\t\t\t\t\t\t<\/span>\n\t\t\t\t\t\t\t\t\t\t<span class=\"elementor-icon-list-text\">Esteja em atitude de ora\u00e7\u00e3o e rever\u00eancia<\/span>\n\t\t\t\t\t\t\t\t\t<\/li>\n\t\t\t\t\t\t\t\t<li class=\"elementor-icon-list-item\">\n\t\t\t\t\t\t\t\t\t\t\t<span class=\"elementor-icon-list-icon\">\n\t\t\t\t\t\t\t<i aria-hidden=\"true\" class=\"far fa-comment-alt\"><\/i>\t\t\t\t\t\t<\/span>\n\t\t\t\t\t\t\t\t\t\t<span class=\"elementor-icon-list-text\">Siga as orienta\u00e7\u00f5es e participe da programa\u00e7\u00e3o dirigida pelo l\u00edder do turno de ora\u00e7\u00e3o que estiver escalado<\/span>\n\t\t\t\t\t\t\t\t\t<\/li>\n\t\t\t\t\t\t\t\t<li class=\"elementor-icon-list-item\">\n\t\t\t\t\t\t\t\t\t\t\t<span class=\"elementor-icon-list-icon\">\n\t\t\t\t\t\t\t<i aria-hidden=\"true\" class=\"fas fa-church\"><\/i>\t\t\t\t\t\t<\/span>\n\t\t\t\t\t\t\t\t\t\t<span class=\"elementor-icon-list-text\">Temos igrejas com diferentes aspectos e tradi\u00e7\u00f5es mas o que nos une \u00e9 muito mais forte e maior. Evite diverg\u00eancias, pol\u00eamicas ou pr\u00e1ticas divergentes. Ex: glossolalia sem interpreta\u00e7\u00e3o, \u00f3leos, utens\u00edlios ou artefatos que possam tirar o foco da ora\u00e7\u00e3o<\/span>\n\t\t\t\t\t\t\t\t\t<\/li>\n\t\t\t\t\t\t\t\t<li class=\"elementor-icon-list-item\">\n\t\t\t\t\t\t\t\t\t\t\t<span class=\"elementor-icon-list-icon\">\n\t\t\t\t\t\t\t<i aria-hidden=\"true\" class=\"fas fa-phone-slash\"><\/i>\t\t\t\t\t\t<\/span>\n\t\t\t\t\t\t\t\t\t\t<span class=\"elementor-icon-list-text\">Desligue o celular e evite conversas paralelas<\/span>\n\t\t\t\t\t\t\t\t\t<\/li>\n\t\t\t\t\t\t<\/ul>\n\t\t\t\t\t\t<\/div>\n\t\t\t\t<\/div>\n\t\t\t\t\t<\/div>\n\t\t<\/div>\n\t\t\t\t\t<\/div>\n\t\t<\/section>\n\t\t\t\t<section class=\"elementor-section elementor-top-section elementor-element elementor-element-ceb13d8 elementor-section-boxed elementor-section-height-default elementor-section-height-default\" data-id=\"ceb13d8\" data-element_type=\"section\">\n\t\t\t\t\t\t<div class=\"elementor-container elementor-column-gap-default\">\n\t\t\t\t\t<div class=\"elementor-column elementor-col-100 elementor-top-column elementor-element elementor-element-8c0acae\" data-id=\"8c0acae\" data-element_type=\"column\">\n\t\t\t<div class=\"elementor-widget-wrap elementor-element-populated\">\n\t\t\t\t\t\t<div class=\"elementor-element elementor-element-0af8d06 elementor-widget elementor-widget-heading\" data-id=\"0af8d06\" data-element_type=\"widget\" data-widget_type=\"heading.default\">\n\t\t\t\t<div class=\"elementor-widget-container\">\n\t\t\t\t\t<h2 class=\"elementor-heading-title elementor-size-default\">A TORRE DE ORA\u00c7\u00c3O<\/h2>\t\t\t\t<\/div>\n\t\t\t\t<\/div>\n\t\t\t\t\t<\/div>\n\t\t<\/div>\n\t\t\t\t\t<\/div>\n\t\t<\/section>\n\t\t\t\t<section class=\"elementor-section elementor-top-section elementor-element elementor-element-3049168 elementor-section-boxed elementor-section-height-default elementor-section-height-default\" data-id=\"3049168\" data-element_type=\"section\">\n\t\t\t\t\t\t<div class=\"elementor-container elementor-column-gap-default\">\n\t\t\t\t\t<div class=\"elementor-column elementor-col-50 elementor-top-column elementor-element elementor-element-991e840\" data-id=\"991e840\" data-element_type=\"column\">\n\t\t\t<div class=\"elementor-widget-wrap elementor-element-populated\">\n\t\t\t\t\t\t<div class=\"elementor-element elementor-element-48643f8 elementor-widget elementor-widget-text-editor\" data-id=\"48643f8\" data-element_type=\"widget\" data-widget_type=\"text-editor.default\">\n\t\t\t\t<div class=\"elementor-widget-container\">\n\t\t\t\t\t\t\t\t\t<p><span style=\"font-weight: 400;\">No dia 25 de abril de 2023 o vice-prefeito, Sr. Eduardo Pimentel, atuando como prefeito em exerc\u00edcio, esteve reunido com pastores e lideran\u00e7as de mais de 20 igrejas e denomina\u00e7\u00f5es diferentes na abertura da Torre de Ora\u00e7\u00e3o de Curitiba. Este \u00e9 um movimento que visa interceder e orar pela nossa cidade e pelo povo curitibano.<\/span><\/p>\t\t\t\t\t\t\t\t<\/div>\n\t\t\t\t<\/div>\n\t\t\t\t\t<\/div>\n\t\t<\/div>\n\t\t\t\t<div class=\"elementor-column elementor-col-50 elementor-top-column elementor-element elementor-element-5a9eec2\" data-id=\"5a9eec2\" data-element_type=\"column\">\n\t\t\t<div class=\"elementor-widget-wrap elementor-element-populated\">\n\t\t\t\t\t\t<div class=\"elementor-element elementor-element-8b3b61a elementor-widget elementor-widget-image\" data-id=\"8b3b61a\" data-element_type=\"widget\" data-widget_type=\"image.default\">\n\t\t\t\t<div class=\"elementor-widget-container\">\n\t\t\t\t\t\t\t\t\t\t\t\t\t\t\t<img fetchpriority=\"high\" decoding=\"async\" width=\"800\" height=\"534\" src=\"https:\/\/torredeoracao.curitiba.br\/wp-content\/uploads\/2023\/04\/59954c5ebc3677b13792a8b1b394b649-1024x683.jpg\" class=\"attachment-large size-large wp-image-170\" alt=\"\" srcset=\"https:\/\/torredeoracao.curitiba.br\/wp-content\/uploads\/2023\/04\/59954c5ebc3677b13792a8b1b394b649-1024x683.jpg 1024w, https:\/\/torredeoracao.curitiba.br\/wp-content\/uploads\/2023\/04\/59954c5ebc3677b13792a8b1b394b649-300x200.jpg 300w, https:\/\/torredeoracao.curitiba.br\/wp-content\/uploads\/2023\/04\/59954c5ebc3677b13792a8b1b394b649-768x512.jpg 768w, https:\/\/torredeoracao.curitiba.br\/wp-content\/uploads\/2023\/04\/59954c5ebc3677b13792a8b1b394b649-1536x1024.jpg 1536w, https:\/\/torredeoracao.curitiba.br\/wp-content\/uploads\/2023\/04\/59954c5ebc3677b13792a8b1b394b649-2048x1365.jpg 2048w\" sizes=\"(max-width: 800px) 100vw, 800px\" \/>\t\t\t\t\t\t\t\t\t\t\t\t\t\t\t<\/div>\n\t\t\t\t<\/div>\n\t\t\t\t\t<\/div>\n\t\t<\/div>\n\t\t\t\t\t<\/div>\n\t\t<\/section>\n\t\t\t\t<section class=\"elementor-section elementor-top-section elementor-element elementor-element-59d8131 elementor-section-boxed elementor-section-height-default elementor-section-height-default\" data-id=\"59d8131\" data-element_type=\"section\">\n\t\t\t\t\t\t<div class=\"elementor-container elementor-column-gap-default\">\n\t\t\t\t\t<div class=\"elementor-column elementor-col-50 elementor-top-column elementor-element elementor-element-7bd50ef\" data-id=\"7bd50ef\" data-element_type=\"column\">\n\t\t\t<div class=\"elementor-widget-wrap elementor-element-populated\">\n\t\t\t\t\t\t<div class=\"elementor-element elementor-element-604b679 elementor-widget elementor-widget-image\" data-id=\"604b679\" data-element_type=\"widget\" data-widget_type=\"image.default\">\n\t\t\t\t<div class=\"elementor-widget-container\">\n\t\t\t\t\t\t\t\t\t\t\t\t\t\t\t<img decoding=\"async\" width=\"800\" height=\"534\" src=\"https:\/\/torredeoracao.curitiba.br\/wp-content\/uploads\/2023\/04\/52846100548_c58f3a4008_o-1024x683.jpg\" class=\"attachment-large size-large wp-image-190\" alt=\"\" srcset=\"https:\/\/torredeoracao.curitiba.br\/wp-content\/uploads\/2023\/04\/52846100548_c58f3a4008_o-1024x683.jpg 1024w, https:\/\/torredeoracao.curitiba.br\/wp-content\/uploads\/2023\/04\/52846100548_c58f3a4008_o-300x200.jpg 300w, https:\/\/torredeoracao.curitiba.br\/wp-content\/uploads\/2023\/04\/52846100548_c58f3a4008_o-768x512.jpg 768w, https:\/\/torredeoracao.curitiba.br\/wp-content\/uploads\/2023\/04\/52846100548_c58f3a4008_o-1536x1024.jpg 1536w, https:\/\/torredeoracao.curitiba.br\/wp-content\/uploads\/2023\/04\/52846100548_c58f3a4008_o-2048x1365.jpg 2048w\" sizes=\"(max-width: 800px) 100vw, 800px\" \/>\t\t\t\t\t\t\t\t\t\t\t\t\t\t\t<\/div>\n\t\t\t\t<\/div>\n\t\t\t\t\t<\/div>\n\t\t<\/div>\n\t\t\t\t<div class=\"elementor-column elementor-col-50 elementor-top-column elementor-element elementor-element-c45fbfd\" data-id=\"c45fbfd\" data-element_type=\"column\">\n\t\t\t<div class=\"elementor-widget-wrap elementor-element-populated\">\n\t\t\t\t\t\t<div class=\"elementor-element elementor-element-af43be7 elementor-widget elementor-widget-text-editor\" data-id=\"af43be7\" data-element_type=\"widget\" data-widget_type=\"text-editor.default\">\n\t\t\t\t<div class=\"elementor-widget-container\">\n\t\t\t\t\t\t\t\t\t<p><span style=\"font-weight: 400;\">Um sonho antigo de Cleusa Piragine <i>(in memorian)<\/i> que imaginava uma torre de ora\u00e7\u00e3o no templo da Primeira Igreja Batista de Curitiba. Como n\u00e3o havia possibilidade estrutural, a torre n\u00e3o pode ser constru\u00edda naquele local. Anos se passaram, e sob a lideran\u00e7a do seu filho Michel F. Piragine, surgiu um movimento de avivamento e uni\u00e3o entre os pastores jovens das igrejas evang\u00e9licas da cidade (S.D.A &#8211; Semana de Avivamento).<\/span><\/p>\t\t\t\t\t\t\t\t<\/div>\n\t\t\t\t<\/div>\n\t\t\t\t\t<\/div>\n\t\t<\/div>\n\t\t\t\t\t<\/div>\n\t\t<\/section>\n\t\t\t\t<section class=\"elementor-section elementor-top-section elementor-element elementor-element-9471b95 elementor-section-boxed elementor-section-height-default elementor-section-height-default\" data-id=\"9471b95\" data-element_type=\"section\">\n\t\t\t\t\t\t<div class=\"elementor-container elementor-column-gap-default\">\n\t\t\t\t\t<div class=\"elementor-column elementor-col-50 elementor-top-column elementor-element elementor-element-f1df4bb\" data-id=\"f1df4bb\" data-element_type=\"column\">\n\t\t\t<div class=\"elementor-widget-wrap elementor-element-populated\">\n\t\t\t\t\t\t<div class=\"elementor-element elementor-element-27bf973 elementor-widget elementor-widget-text-editor\" data-id=\"27bf973\" data-element_type=\"widget\" data-widget_type=\"text-editor.default\">\n\t\t\t\t<div class=\"elementor-widget-container\">\n\t\t\t\t\t\t\t\t\t<p><span style=\"font-weight: 400;\">Este movimento trouxe integra\u00e7\u00e3o entre denomina\u00e7\u00f5es e igrejas, atrav\u00e9s de cultos compartilhados nas igrejas, integrando equipes de louvor, pregadores e membros. O movimento cresceu e grandes cultos come\u00e7aram a acontecer em est\u00e1dios na cidade de Curitiba. Um dos sonhos desse grupo e do Pr. Michel, era que os crist\u00e3os pudessem ter um torre de ora\u00e7\u00e3o, como por exemplo a torre da Telepar.<\/span><\/p>\t\t\t\t\t\t\t\t<\/div>\n\t\t\t\t<\/div>\n\t\t\t\t\t<\/div>\n\t\t<\/div>\n\t\t\t\t<div class=\"elementor-column elementor-col-50 elementor-top-column elementor-element elementor-element-509cc6e\" data-id=\"509cc6e\" data-element_type=\"column\">\n\t\t\t<div class=\"elementor-widget-wrap elementor-element-populated\">\n\t\t\t\t\t\t<div class=\"elementor-element elementor-element-cb4b3b6 elementor-widget elementor-widget-image\" data-id=\"cb4b3b6\" data-element_type=\"widget\" data-widget_type=\"image.default\">\n\t\t\t\t<div class=\"elementor-widget-container\">\n\t\t\t\t\t\t\t\t\t\t\t\t\t\t\t<img decoding=\"async\" width=\"800\" height=\"534\" src=\"https:\/\/torredeoracao.curitiba.br\/wp-content\/uploads\/2023\/04\/52845840129_403540802a_o-1024x683.jpg\" class=\"attachment-large size-large wp-image-183\" alt=\"\" srcset=\"https:\/\/torredeoracao.curitiba.br\/wp-content\/uploads\/2023\/04\/52845840129_403540802a_o-1024x683.jpg 1024w, https:\/\/torredeoracao.curitiba.br\/wp-content\/uploads\/2023\/04\/52845840129_403540802a_o-300x200.jpg 300w, https:\/\/torredeoracao.curitiba.br\/wp-content\/uploads\/2023\/04\/52845840129_403540802a_o-768x512.jpg 768w, https:\/\/torredeoracao.curitiba.br\/wp-content\/uploads\/2023\/04\/52845840129_403540802a_o-1536x1024.jpg 1536w, https:\/\/torredeoracao.curitiba.br\/wp-content\/uploads\/2023\/04\/52845840129_403540802a_o-2048x1365.jpg 2048w\" sizes=\"(max-width: 800px) 100vw, 800px\" \/>\t\t\t\t\t\t\t\t\t\t\t\t\t\t\t<\/div>\n\t\t\t\t<\/div>\n\t\t\t\t\t<\/div>\n\t\t<\/div>\n\t\t\t\t\t<\/div>\n\t\t<\/section>\n\t\t\t\t<section class=\"elementor-section elementor-top-section elementor-element elementor-element-99a954e elementor-section-boxed elementor-section-height-default elementor-section-height-default\" data-id=\"99a954e\" data-element_type=\"section\">\n\t\t\t\t\t\t<div class=\"elementor-container elementor-column-gap-default\">\n\t\t\t\t\t<div class=\"elementor-column elementor-col-50 elementor-top-column elementor-element elementor-element-93f7615\" data-id=\"93f7615\" data-element_type=\"column\">\n\t\t\t<div class=\"elementor-widget-wrap elementor-element-populated\">\n\t\t\t\t\t\t<div class=\"elementor-element elementor-element-1e4dc62 elementor-widget elementor-widget-image\" data-id=\"1e4dc62\" data-element_type=\"widget\" data-widget_type=\"image.default\">\n\t\t\t\t<div class=\"elementor-widget-container\">\n\t\t\t\t\t\t\t\t\t\t\t\t\t\t\t<img loading=\"lazy\" decoding=\"async\" width=\"800\" height=\"534\" src=\"https:\/\/torredeoracao.curitiba.br\/wp-content\/uploads\/2023\/04\/52845839984_cd6722bd29_5k-1024x683.jpg\" class=\"attachment-large size-large wp-image-182\" alt=\"\" srcset=\"https:\/\/torredeoracao.curitiba.br\/wp-content\/uploads\/2023\/04\/52845839984_cd6722bd29_5k-1024x683.jpg 1024w, https:\/\/torredeoracao.curitiba.br\/wp-content\/uploads\/2023\/04\/52845839984_cd6722bd29_5k-300x200.jpg 300w, https:\/\/torredeoracao.curitiba.br\/wp-content\/uploads\/2023\/04\/52845839984_cd6722bd29_5k-768x512.jpg 768w, https:\/\/torredeoracao.curitiba.br\/wp-content\/uploads\/2023\/04\/52845839984_cd6722bd29_5k-1536x1024.jpg 1536w, https:\/\/torredeoracao.curitiba.br\/wp-content\/uploads\/2023\/04\/52845839984_cd6722bd29_5k-2048x1365.jpg 2048w\" sizes=\"(max-width: 800px) 100vw, 800px\" \/>\t\t\t\t\t\t\t\t\t\t\t\t\t\t\t<\/div>\n\t\t\t\t<\/div>\n\t\t\t\t\t<\/div>\n\t\t<\/div>\n\t\t\t\t<div class=\"elementor-column elementor-col-50 elementor-top-column elementor-element elementor-element-633c4fd\" data-id=\"633c4fd\" data-element_type=\"column\">\n\t\t\t<div class=\"elementor-widget-wrap elementor-element-populated\">\n\t\t\t\t\t\t<div class=\"elementor-element elementor-element-0c31cc4 elementor-widget elementor-widget-text-editor\" data-id=\"0c31cc4\" data-element_type=\"widget\" data-widget_type=\"text-editor.default\">\n\t\t\t\t<div class=\"elementor-widget-container\">\n\t\t\t\t\t\t\t\t\t<p><span style=\"font-weight: 400;\">No in\u00edcio de 2023, ap\u00f3s uma reuni\u00e3o de planejamento dos pastores da Primeira Igreja Batista de Curitiba, o sonho voltou a pulsar nos cora\u00e7\u00f5es da lideran\u00e7a e do Pr. Michel. Dali em diante, ap\u00f3s algumas conversas e planos com o vice-prefeito Eduardo Pimental e com o governador do estado, Ratinho Junior, refor\u00e7amos o pedido no culto de posse do Pr. Michel como novo pastor titular da PIB Curitiba. Nesse dia, com diversas autoridades crist\u00e3s representadas, pedimos a oportunidade de orar e interceder pela nossa cidade na antiga torre da Telepar.<\/span><\/p>\t\t\t\t\t\t\t\t<\/div>\n\t\t\t\t<\/div>\n\t\t\t\t\t<\/div>\n\t\t<\/div>\n\t\t\t\t\t<\/div>\n\t\t<\/section>\n\t\t\t\t<section class=\"elementor-section elementor-top-section elementor-element elementor-element-a2f2ce0 elementor-section-boxed elementor-section-height-default elementor-section-height-default\" data-id=\"a2f2ce0\" data-element_type=\"section\">\n\t\t\t\t\t\t<div class=\"elementor-container elementor-column-gap-default\">\n\t\t\t\t\t<div class=\"elementor-column elementor-col-50 elementor-top-column elementor-element elementor-element-fe3f6fa\" data-id=\"fe3f6fa\" data-element_type=\"column\">\n\t\t\t<div class=\"elementor-widget-wrap elementor-element-populated\">\n\t\t\t\t\t\t<div class=\"elementor-element elementor-element-2c72dee elementor-widget elementor-widget-text-editor\" data-id=\"2c72dee\" data-element_type=\"widget\" data-widget_type=\"text-editor.default\">\n\t\t\t\t<div class=\"elementor-widget-container\">\n\t\t\t\t\t\t\t\t\t<p>Pela gra\u00e7a de Deus, em abril de 2023, demos in\u00edcio a este movimento que tem unido a igreja e clamado pela nossa cidade. Estamos orando como um s\u00f3 povo que ama e teme ao Senhor, para que derrame do avivamento, cura, prote\u00e7\u00e3o, prosperidade, transforma\u00e7\u00e3o e salva\u00e7\u00e3o sobre Curitiba.<br><\/p>\t\t\t\t\t\t\t\t<\/div>\n\t\t\t\t<\/div>\n\t\t\t\t\t<\/div>\n\t\t<\/div>\n\t\t\t\t<div class=\"elementor-column elementor-col-50 elementor-top-column elementor-element elementor-element-f688164\" data-id=\"f688164\" data-element_type=\"column\">\n\t\t\t<div class=\"elementor-widget-wrap elementor-element-populated\">\n\t\t\t\t\t\t<div class=\"elementor-element elementor-element-6a3eba1 elementor-widget elementor-widget-image\" data-id=\"6a3eba1\" data-element_type=\"widget\" data-widget_type=\"image.default\">\n\t\t\t\t<div class=\"elementor-widget-container\">\n\t\t\t\t\t\t\t\t\t\t\t\t\t\t\t<img loading=\"lazy\" decoding=\"async\" width=\"800\" height=\"450\" src=\"https:\/\/torredeoracao.curitiba.br\/wp-content\/uploads\/2023\/04\/52846041910_7ce3086f3e_o-1024x576.jpg\" class=\"attachment-large size-large wp-image-184\" alt=\"\" srcset=\"https:\/\/torredeoracao.curitiba.br\/wp-content\/uploads\/2023\/04\/52846041910_7ce3086f3e_o-1024x576.jpg 1024w, https:\/\/torredeoracao.curitiba.br\/wp-content\/uploads\/2023\/04\/52846041910_7ce3086f3e_o-300x169.jpg 300w, https:\/\/torredeoracao.curitiba.br\/wp-content\/uploads\/2023\/04\/52846041910_7ce3086f3e_o-768x432.jpg 768w, https:\/\/torredeoracao.curitiba.br\/wp-content\/uploads\/2023\/04\/52846041910_7ce3086f3e_o-1536x864.jpg 1536w, https:\/\/torredeoracao.curitiba.br\/wp-content\/uploads\/2023\/04\/52846041910_7ce3086f3e_o-2048x1152.jpg 2048w\" sizes=\"(max-width: 800px) 100vw, 800px\" \/>\t\t\t\t\t\t\t\t\t\t\t\t\t\t\t<\/div>\n\t\t\t\t<\/div>\n\t\t\t\t\t<\/div>\n\t\t<\/div>\n\t\t\t\t\t<\/div>\n\t\t<\/section>\n\t\t\t\t<section class=\"elementor-section elementor-top-section elementor-element elementor-element-0d056f8 elementor-section-boxed elementor-section-height-default elementor-section-height-default\" data-id=\"0d056f8\" data-element_type=\"section\">\n\t\t\t\t\t\t<div class=\"elementor-container elementor-column-gap-default\">\n\t\t\t\t\t<div class=\"elementor-column elementor-col-100 elementor-top-column elementor-element elementor-element-d7b073c\" data-id=\"d7b073c\" data-element_type=\"column\">\n\t\t\t<div class=\"elementor-widget-wrap elementor-element-populated\">\n\t\t\t\t\t\t<div class=\"elementor-element elementor-element-f19a591 elementor-widget elementor-widget-heading\" data-id=\"f19a591\" data-element_type=\"widget\" data-widget_type=\"heading.default\">\n\t\t\t\t<div class=\"elementor-widget-container\">\n\t\t\t\t\t<h2 class=\"elementor-heading-title elementor-size-default\">Imagens do primeiro culto na torre<\/h2>\t\t\t\t<\/div>\n\t\t\t\t<\/div>\n\t\t\t\t<div class=\"elementor-element elementor-element-0703885 elementor-arrows-position-inside elementor-widget elementor-widget-image-carousel\" data-id=\"0703885\" data-element_type=\"widget\" data-settings=\"{&quot;slides_to_show&quot;:&quot;1&quot;,&quot;navigation&quot;:&quot;arrows&quot;,&quot;_animation&quot;:&quot;none&quot;,&quot;autoplay&quot;:&quot;yes&quot;,&quot;pause_on_hover&quot;:&quot;yes&quot;,&quot;pause_on_interaction&quot;:&quot;yes&quot;,&quot;autoplay_speed&quot;:5000,&quot;infinite&quot;:&quot;yes&quot;,&quot;effect&quot;:&quot;slide&quot;,&quot;speed&quot;:500}\" data-widget_type=\"image-carousel.default\">\n\t\t\t\t<div class=\"elementor-widget-container\">\n\t\t\t\t\t\t\t<div class=\"elementor-image-carousel-wrapper swiper\" role=\"region\" aria-roledescription=\"carousel\" aria-label=\"Carrossel de imagens\" dir=\"ltr\">\n\t\t\t<div class=\"elementor-image-carousel swiper-wrapper\" aria-live=\"off\">\n\t\t\t\t\t\t\t\t<div class=\"swiper-slide\" role=\"group\" aria-roledescription=\"slide\" aria-label=\"1 de 29\"><figure class=\"swiper-slide-inner\"><img decoding=\"async\" class=\"swiper-slide-image\" src=\"https:\/\/torredeoracao.curitiba.br\/wp-content\/uploads\/2023\/04\/52845647801_b8dbb8df4e_o-768x512.jpg\" alt=\"52845647801_b8dbb8df4e_o\" \/><\/figure><\/div><div class=\"swiper-slide\" role=\"group\" aria-roledescription=\"slide\" aria-label=\"2 de 29\"><figure class=\"swiper-slide-inner\"><img decoding=\"async\" class=\"swiper-slide-image\" src=\"https:\/\/torredeoracao.curitiba.br\/wp-content\/uploads\/2023\/04\/52845646776_4abb936729_o-768x512.jpg\" alt=\"52845646776_4abb936729_o\" \/><\/figure><\/div><div class=\"swiper-slide\" role=\"group\" aria-roledescription=\"slide\" aria-label=\"3 de 29\"><figure class=\"swiper-slide-inner\"><img decoding=\"async\" class=\"swiper-slide-image\" src=\"https:\/\/torredeoracao.curitiba.br\/wp-content\/uploads\/2023\/04\/52845839869_8d8395af6d_o-768x512.jpg\" alt=\"52845839869_8d8395af6d_o\" \/><\/figure><\/div><div class=\"swiper-slide\" role=\"group\" aria-roledescription=\"slide\" aria-label=\"4 de 29\"><figure class=\"swiper-slide-inner\"><img decoding=\"async\" class=\"swiper-slide-image\" src=\"https:\/\/torredeoracao.curitiba.br\/wp-content\/uploads\/2023\/04\/52845069172_4b1f2f5c3e_o-768x512.jpg\" alt=\"52845069172_4b1f2f5c3e_o\" \/><\/figure><\/div><div class=\"swiper-slide\" role=\"group\" aria-roledescription=\"slide\" aria-label=\"5 de 29\"><figure class=\"swiper-slide-inner\"><img decoding=\"async\" class=\"swiper-slide-image\" src=\"https:\/\/torredeoracao.curitiba.br\/wp-content\/uploads\/2023\/04\/52845069232_63dbb98a09_o-768x512.jpg\" alt=\"52845069232_63dbb98a09_o\" \/><\/figure><\/div><div class=\"swiper-slide\" role=\"group\" aria-roledescription=\"slide\" aria-label=\"6 de 29\"><figure class=\"swiper-slide-inner\"><img decoding=\"async\" class=\"swiper-slide-image\" src=\"https:\/\/torredeoracao.curitiba.br\/wp-content\/uploads\/2023\/04\/52845838394_5b0fd31c75_o-768x512.jpg\" alt=\"52845838394_5b0fd31c75_o\" \/><\/figure><\/div><div class=\"swiper-slide\" role=\"group\" aria-roledescription=\"slide\" aria-label=\"7 de 29\"><figure class=\"swiper-slide-inner\"><img decoding=\"async\" class=\"swiper-slide-image\" src=\"https:\/\/torredeoracao.curitiba.br\/wp-content\/uploads\/2023\/04\/52846041910_7ce3086f3e_o-768x432.jpg\" alt=\"52846041910_7ce3086f3e_o\" \/><\/figure><\/div><div class=\"swiper-slide\" role=\"group\" aria-roledescription=\"slide\" aria-label=\"8 de 29\"><figure class=\"swiper-slide-inner\"><img decoding=\"async\" class=\"swiper-slide-image\" src=\"https:\/\/torredeoracao.curitiba.br\/wp-content\/uploads\/2023\/04\/52846041945_4f24297683_o-768x512.jpg\" alt=\"52846041945_4f24297683_o\" \/><\/figure><\/div><div class=\"swiper-slide\" role=\"group\" aria-roledescription=\"slide\" aria-label=\"9 de 29\"><figure class=\"swiper-slide-inner\"><img decoding=\"async\" class=\"swiper-slide-image\" src=\"https:\/\/torredeoracao.curitiba.br\/wp-content\/uploads\/2023\/04\/52846044445_a01f4f14ec_o-768x435.jpg\" alt=\"52846044445_a01f4f14ec_o\" \/><\/figure><\/div><div class=\"swiper-slide\" role=\"group\" aria-roledescription=\"slide\" aria-label=\"10 de 29\"><figure class=\"swiper-slide-inner\"><img decoding=\"async\" class=\"swiper-slide-image\" src=\"https:\/\/torredeoracao.curitiba.br\/wp-content\/uploads\/2023\/04\/52846044075_ea7eeb0c87_o-768x512.jpg\" alt=\"52846044075_ea7eeb0c87_o\" \/><\/figure><\/div><div class=\"swiper-slide\" role=\"group\" aria-roledescription=\"slide\" aria-label=\"11 de 29\"><figure class=\"swiper-slide-inner\"><img decoding=\"async\" class=\"swiper-slide-image\" src=\"https:\/\/torredeoracao.curitiba.br\/wp-content\/uploads\/2023\/05\/torredeorao_2504_guilhermekilter_52845066432_o-768x512.jpg\" alt=\"torredeorao_2504_guilhermekilter_52845066432_o\" \/><\/figure><\/div><div class=\"swiper-slide\" role=\"group\" aria-roledescription=\"slide\" aria-label=\"12 de 29\"><figure class=\"swiper-slide-inner\"><img decoding=\"async\" class=\"swiper-slide-image\" src=\"https:\/\/torredeoracao.curitiba.br\/wp-content\/uploads\/2023\/05\/torredeorao_2504_guilhermekilter_52845066832_o-768x512.jpg\" alt=\"torredeorao_2504_guilhermekilter_52845066832_o\" \/><\/figure><\/div><div class=\"swiper-slide\" role=\"group\" aria-roledescription=\"slide\" aria-label=\"13 de 29\"><figure class=\"swiper-slide-inner\"><img decoding=\"async\" class=\"swiper-slide-image\" src=\"https:\/\/torredeoracao.curitiba.br\/wp-content\/uploads\/2023\/05\/torredeorao_2504_guilhermekilter_52845067037_o-768x512.jpg\" alt=\"torredeorao_2504_guilhermekilter_52845067037_o\" \/><\/figure><\/div><div class=\"swiper-slide\" role=\"group\" aria-roledescription=\"slide\" aria-label=\"14 de 29\"><figure class=\"swiper-slide-inner\"><img decoding=\"async\" class=\"swiper-slide-image\" src=\"https:\/\/torredeoracao.curitiba.br\/wp-content\/uploads\/2023\/05\/torredeorao_2504_guilhermekilter_52845067207_o-768x512.jpg\" alt=\"torredeorao_2504_guilhermekilter_52845067207_o\" \/><\/figure><\/div><div class=\"swiper-slide\" role=\"group\" aria-roledescription=\"slide\" aria-label=\"15 de 29\"><figure class=\"swiper-slide-inner\"><img decoding=\"async\" class=\"swiper-slide-image\" src=\"https:\/\/torredeoracao.curitiba.br\/wp-content\/uploads\/2023\/05\/torredeorao_2504_guilhermekilter_52845067247_o-768x512.jpg\" alt=\"torredeorao_2504_guilhermekilter_52845067247_o\" \/><\/figure><\/div><div class=\"swiper-slide\" role=\"group\" aria-roledescription=\"slide\" aria-label=\"16 de 29\"><figure class=\"swiper-slide-inner\"><img decoding=\"async\" class=\"swiper-slide-image\" src=\"https:\/\/torredeoracao.curitiba.br\/wp-content\/uploads\/2023\/05\/torredeorao_2504_guilhermekilter_52845067627_o-768x512.jpg\" alt=\"torredeorao_2504_guilhermekilter_52845067627_o\" \/><\/figure><\/div><div class=\"swiper-slide\" role=\"group\" aria-roledescription=\"slide\" aria-label=\"17 de 29\"><figure class=\"swiper-slide-inner\"><img decoding=\"async\" class=\"swiper-slide-image\" src=\"https:\/\/torredeoracao.curitiba.br\/wp-content\/uploads\/2023\/05\/torredeorao_2504_guilhermekilter_52845067872_o-768x534.jpg\" alt=\"torredeorao_2504_guilhermekilter_52845067872_o\" \/><\/figure><\/div><div class=\"swiper-slide\" role=\"group\" aria-roledescription=\"slide\" aria-label=\"18 de 29\"><figure class=\"swiper-slide-inner\"><img decoding=\"async\" class=\"swiper-slide-image\" src=\"https:\/\/torredeoracao.curitiba.br\/wp-content\/uploads\/2023\/05\/torredeorao_2504_guilhermekilter_52845068932_o-768x512.jpg\" alt=\"torredeorao_2504_guilhermekilter_52845068932_o\" \/><\/figure><\/div><div class=\"swiper-slide\" role=\"group\" aria-roledescription=\"slide\" aria-label=\"19 de 29\"><figure class=\"swiper-slide-inner\"><img decoding=\"async\" class=\"swiper-slide-image\" src=\"https:\/\/torredeoracao.curitiba.br\/wp-content\/uploads\/2023\/05\/torredeorao_2504_guilhermekilter_52845644961_o-768x512.jpg\" alt=\"torredeorao_2504_guilhermekilter_52845644961_o\" \/><\/figure><\/div><div class=\"swiper-slide\" role=\"group\" aria-roledescription=\"slide\" aria-label=\"20 de 29\"><figure class=\"swiper-slide-inner\"><img decoding=\"async\" class=\"swiper-slide-image\" src=\"https:\/\/torredeoracao.curitiba.br\/wp-content\/uploads\/2023\/05\/torredeorao_2504_guilhermekilter_52845646101_o-768x512.jpg\" alt=\"torredeorao_2504_guilhermekilter_52845646101_o\" \/><\/figure><\/div><div class=\"swiper-slide\" role=\"group\" aria-roledescription=\"slide\" aria-label=\"21 de 29\"><figure class=\"swiper-slide-inner\"><img decoding=\"async\" class=\"swiper-slide-image\" src=\"https:\/\/torredeoracao.curitiba.br\/wp-content\/uploads\/2023\/05\/torredeorao_2504_guilhermekilter_52845646746_o-768x512.jpg\" alt=\"torredeorao_2504_guilhermekilter_52845646746_o\" \/><\/figure><\/div><div class=\"swiper-slide\" role=\"group\" aria-roledescription=\"slide\" aria-label=\"22 de 29\"><figure class=\"swiper-slide-inner\"><img decoding=\"async\" class=\"swiper-slide-image\" src=\"https:\/\/torredeoracao.curitiba.br\/wp-content\/uploads\/2023\/05\/torredeorao_2504_guilhermekilter_52845837799_o-768x512.jpg\" alt=\"torredeorao_2504_guilhermekilter_52845837799_o\" \/><\/figure><\/div><div class=\"swiper-slide\" role=\"group\" aria-roledescription=\"slide\" aria-label=\"23 de 29\"><figure class=\"swiper-slide-inner\"><img decoding=\"async\" class=\"swiper-slide-image\" src=\"https:\/\/torredeoracao.curitiba.br\/wp-content\/uploads\/2023\/05\/torredeorao_2504_guilhermekilter_52845838394_o-768x512.jpg\" alt=\"torredeorao_2504_guilhermekilter_52845838394_o\" \/><\/figure><\/div><div class=\"swiper-slide\" role=\"group\" aria-roledescription=\"slide\" aria-label=\"24 de 29\"><figure class=\"swiper-slide-inner\"><img decoding=\"async\" class=\"swiper-slide-image\" src=\"https:\/\/torredeoracao.curitiba.br\/wp-content\/uploads\/2023\/05\/torredeorao_2504_guilhermekilter_52845839869_o-768x512.jpg\" alt=\"torredeorao_2504_guilhermekilter_52845839869_o\" \/><\/figure><\/div><div class=\"swiper-slide\" role=\"group\" aria-roledescription=\"slide\" aria-label=\"25 de 29\"><figure class=\"swiper-slide-inner\"><img decoding=\"async\" class=\"swiper-slide-image\" src=\"https:\/\/torredeoracao.curitiba.br\/wp-content\/uploads\/2023\/05\/torredeorao_2504_guilhermekilter_52845839919_o-768x512.jpg\" alt=\"torredeorao_2504_guilhermekilter_52845839919_o\" \/><\/figure><\/div><div class=\"swiper-slide\" role=\"group\" aria-roledescription=\"slide\" aria-label=\"26 de 29\"><figure class=\"swiper-slide-inner\"><img decoding=\"async\" class=\"swiper-slide-image\" src=\"https:\/\/torredeoracao.curitiba.br\/wp-content\/uploads\/2023\/05\/torredeorao_2504_guilhermekilter_52846041555_o-768x558.jpg\" alt=\"torredeorao_2504_guilhermekilter_52846041555_o\" \/><\/figure><\/div><div class=\"swiper-slide\" role=\"group\" aria-roledescription=\"slide\" aria-label=\"27 de 29\"><figure class=\"swiper-slide-inner\"><img decoding=\"async\" class=\"swiper-slide-image\" src=\"https:\/\/torredeoracao.curitiba.br\/wp-content\/uploads\/2023\/05\/torredeorao_2504_guilhermekilter_52846042175_o-768x512.jpg\" alt=\"torredeorao_2504_guilhermekilter_52846042175_o\" \/><\/figure><\/div><div class=\"swiper-slide\" role=\"group\" aria-roledescription=\"slide\" aria-label=\"28 de 29\"><figure class=\"swiper-slide-inner\"><img decoding=\"async\" class=\"swiper-slide-image\" src=\"https:\/\/torredeoracao.curitiba.br\/wp-content\/uploads\/2023\/05\/torredeorao_2504_guilhermekilter_52846098028_o-768x512.jpg\" alt=\"torredeorao_2504_guilhermekilter_52846098028_o\" \/><\/figure><\/div><div class=\"swiper-slide\" role=\"group\" aria-roledescription=\"slide\" aria-label=\"29 de 29\"><figure class=\"swiper-slide-inner\"><img decoding=\"async\" class=\"swiper-slide-image\" src=\"https:\/\/torredeoracao.curitiba.br\/wp-content\/uploads\/2023\/05\/torredeorao_2504_guilhermekilter_52846099628_o-768x512.jpg\" alt=\"torredeorao_2504_guilhermekilter_52846099628_o\" \/><\/figure><\/div>\t\t\t<\/div>\n\t\t\t\t\t\t\t\t\t\t\t\t<div class=\"elementor-swiper-button elementor-swiper-button-prev\" role=\"button\" tabindex=\"0\">\n\t\t\t\t\t\t<i aria-hidden=\"true\" class=\"eicon-chevron-left\"><\/i>\t\t\t\t\t<\/div>\n\t\t\t\t\t<div class=\"elementor-swiper-button elementor-swiper-button-next\" role=\"button\" tabindex=\"0\">\n\t\t\t\t\t\t<i aria-hidden=\"true\" class=\"eicon-chevron-right\"><\/i>\t\t\t\t\t<\/div>\n\t\t\t\t\n\t\t\t\t\t\t\t\t\t<\/div>\n\t\t\t\t\t\t<\/div>\n\t\t\t\t<\/div>\n\t\t\t\t\t<\/div>\n\t\t<\/div>\n\t\t\t\t\t<\/div>\n\t\t<\/section>\n\t\t\t\t<section class=\"elementor-section elementor-top-section elementor-element elementor-element-27065d8 elementor-section-boxed elementor-section-height-default elementor-section-height-default\" data-id=\"27065d8\" data-element_type=\"section\" data-settings=\"{&quot;background_background&quot;:&quot;classic&quot;}\">\n\t\t\t\t\t\t\t<div class=\"elementor-background-overlay\"><\/div>\n\t\t\t\t\t\t\t<div class=\"elementor-container elementor-column-gap-default\">\n\t\t\t\t\t<div class=\"elementor-column elementor-col-100 elementor-top-column elementor-element elementor-element-3c28b1f\" data-id=\"3c28b1f\" data-element_type=\"column\">\n\t\t\t<div class=\"elementor-widget-wrap elementor-element-populated\">\n\t\t\t\t\t\t<div class=\"elementor-element elementor-element-2bec838 elementor-widget elementor-widget-heading\" data-id=\"2bec838\" data-element_type=\"widget\" data-widget_type=\"heading.default\">\n\t\t\t\t<div class=\"elementor-widget-container\">\n\t\t\t\t\t<h2 class=\"elementor-heading-title elementor-size-default\">Torre de Ora\u00e7\u00e3o de Curitiba - 2023<\/h2>\t\t\t\t<\/div>\n\t\t\t\t<\/div>\n\t\t\t\t\t<\/div>\n\t\t<\/div>\n\t\t\t\t\t<\/div>\n\t\t<\/section>\n\t\t\t\t<\/div>\n\t\t","protected":false},"excerpt":{"rendered":"<p>BEM VINDOS \u00c0 TORRE DE ORA\u00c7\u00c3O DE CURITIBA Esta \u00e9 uma iniciativa das igrejas evang\u00e9licas da cidade de Curitiba em parceria com a Prefeitura de nossa cidade. Reuni\u00f5es de ora\u00e7\u00e3o acontecem \u00e0s ter\u00e7as-feiras das 9h \u00e0s 9h50 da manh\u00e3, com capacidade m\u00e1xima de 62 pessoas. Temos um sistema de agendamento para organizar a participa\u00e7\u00e3o dos [&hellip;]<\/p>\n","protected":false},"author":1,"featured_media":0,"parent":0,"menu_order":0,"comment_status":"closed","ping_status":"closed","template":"","meta":{"footnotes":""},"class_list":["post-9","page","type-page","status-publish","hentry"],"yoast_head":"<!-- This site is optimized with the Yoast SEO plugin v26.8 - https:\/\/yoast.com\/product\/yoast-seo-wordpress\/ -->\n<title>Torre de Ora\u00e7\u00e3o Curitiba - Agendamento dos turnos de ora\u00e7\u00e3o<\/title>\n<meta name=\"description\" content=\"Saiba mais sobre o movimento ora\u00e7\u00e3o na Torre Panor\u00e2mica de Curitiba, fruto da unidade das Igrejas Evang\u00e9licas de Curitiba.\" \/>\n<meta name=\"robots\" content=\"index, follow, max-snippet:-1, max-image-preview:large, max-video-preview:-1\" \/>\n<link rel=\"canonical\" href=\"https:\/\/torredeoracao.curitiba.br\/\" \/>\n<meta property=\"og:locale\" content=\"pt_BR\" \/>\n<meta property=\"og:type\" content=\"article\" \/>\n<meta property=\"og:title\" content=\"Torre de Ora\u00e7\u00e3o\" \/>\n<meta property=\"og:description\" content=\"Agendamento dos turnos de ora\u00e7\u00e3o\" \/>\n<meta property=\"og:url\" content=\"https:\/\/torredeoracao.curitiba.br\/\" \/>\n<meta property=\"og:site_name\" content=\"Torre de Ora\u00e7\u00e3o\" \/>\n<meta property=\"article:modified_time\" content=\"2023-05-13T19:37:50+00:00\" \/>\n<meta property=\"og:image\" content=\"https:\/\/torredeoracao.curitiba.br\/wp-content\/uploads\/2023\/04\/52846041515_44bed7ddc6_5k-scaled.jpg\" \/>\n\t<meta property=\"og:image:width\" content=\"2560\" \/>\n\t<meta property=\"og:image:height\" content=\"1707\" \/>\n\t<meta property=\"og:image:type\" content=\"image\/jpeg\" \/>\n<meta name=\"twitter:card\" content=\"summary_large_image\" \/>\n<meta name=\"twitter:title\" content=\"Torre de Ora\u00e7\u00e3o\" \/>\n<meta name=\"twitter:description\" content=\"Agendamento dos turnos de ora\u00e7\u00e3o\" \/>\n<meta name=\"twitter:image\" content=\"https:\/\/torredeoracao.curitiba.br\/wp-content\/uploads\/2023\/04\/52846041515_44bed7ddc6_5k-scaled.jpg\" \/>\n<meta name=\"twitter:label1\" content=\"Est. tempo de leitura\" \/>\n\t<meta name=\"twitter:data1\" content=\"11 minutos\" \/>\n<script type=\"application\/ld+json\" class=\"yoast-schema-graph\">{\"@context\":\"https:\/\/schema.org\",\"@graph\":[{\"@type\":\"WebPage\",\"@id\":\"https:\/\/torredeoracao.curitiba.br\/\",\"url\":\"https:\/\/torredeoracao.curitiba.br\/\",\"name\":\"Torre de Ora\u00e7\u00e3o Curitiba - Agendamento dos turnos de ora\u00e7\u00e3o\",\"isPartOf\":{\"@id\":\"https:\/\/torredeoracao.curitiba.br\/#website\"},\"primaryImageOfPage\":{\"@id\":\"https:\/\/torredeoracao.curitiba.br\/#primaryimage\"},\"image\":{\"@id\":\"https:\/\/torredeoracao.curitiba.br\/#primaryimage\"},\"thumbnailUrl\":\"https:\/\/torredeoracao.curitiba.br\/wp-content\/uploads\/2023\/04\/59954c5ebc3677b13792a8b1b394b649-1024x683.jpg\",\"datePublished\":\"2023-04-26T23:21:45+00:00\",\"dateModified\":\"2023-05-13T19:37:50+00:00\",\"description\":\"Saiba mais sobre o movimento ora\u00e7\u00e3o na Torre Panor\u00e2mica de Curitiba, fruto da unidade das Igrejas Evang\u00e9licas de Curitiba.\",\"breadcrumb\":{\"@id\":\"https:\/\/torredeoracao.curitiba.br\/#breadcrumb\"},\"inLanguage\":\"pt-BR\",\"potentialAction\":[{\"@type\":\"ReadAction\",\"target\":[\"https:\/\/torredeoracao.curitiba.br\/\"]}]},{\"@type\":\"ImageObject\",\"inLanguage\":\"pt-BR\",\"@id\":\"https:\/\/torredeoracao.curitiba.br\/#primaryimage\",\"url\":\"https:\/\/torredeoracao.curitiba.br\/wp-content\/uploads\/2023\/04\/59954c5ebc3677b13792a8b1b394b649-scaled.jpg\",\"contentUrl\":\"https:\/\/torredeoracao.curitiba.br\/wp-content\/uploads\/2023\/04\/59954c5ebc3677b13792a8b1b394b649-scaled.jpg\",\"width\":2560,\"height\":1707},{\"@type\":\"BreadcrumbList\",\"@id\":\"https:\/\/torredeoracao.curitiba.br\/#breadcrumb\",\"itemListElement\":[{\"@type\":\"ListItem\",\"position\":1,\"name\":\"In\u00edcio\",\"item\":\"https:\/\/torredeoracao.curitiba.br\/\"},{\"@type\":\"ListItem\",\"position\":2,\"name\":\"Torre de Ora\u00e7\u00e3o Curitiba\"}]},{\"@type\":\"WebSite\",\"@id\":\"https:\/\/torredeoracao.curitiba.br\/#website\",\"url\":\"https:\/\/torredeoracao.curitiba.br\/\",\"name\":\"Torre de Ora\u00e7\u00e3o Curitiba\",\"description\":\"Agendamento dos turnos de ora\u00e7\u00e3o \",\"publisher\":{\"@id\":\"https:\/\/torredeoracao.curitiba.br\/#organization\"},\"potentialAction\":[{\"@type\":\"SearchAction\",\"target\":{\"@type\":\"EntryPoint\",\"urlTemplate\":\"https:\/\/torredeoracao.curitiba.br\/?s={search_term_string}\"},\"query-input\":{\"@type\":\"PropertyValueSpecification\",\"valueRequired\":true,\"valueName\":\"search_term_string\"}}],\"inLanguage\":\"pt-BR\"},{\"@type\":\"Organization\",\"@id\":\"https:\/\/torredeoracao.curitiba.br\/#organization\",\"name\":\"Torre de Ora\u00e7\u00e3o Curitiba\",\"url\":\"https:\/\/torredeoracao.curitiba.br\/\",\"logo\":{\"@type\":\"ImageObject\",\"inLanguage\":\"pt-BR\",\"@id\":\"https:\/\/torredeoracao.curitiba.br\/#\/schema\/logo\/image\/\",\"url\":\"https:\/\/torredeoracao.curitiba.br\/wp-content\/uploads\/2023\/05\/Oi-Torre-Panoramica-Curitiba-Space-1.jpg\",\"contentUrl\":\"https:\/\/torredeoracao.curitiba.br\/wp-content\/uploads\/2023\/05\/Oi-Torre-Panoramica-Curitiba-Space-1.jpg\",\"width\":1000,\"height\":1000,\"caption\":\"Torre de Ora\u00e7\u00e3o Curitiba\"},\"image\":{\"@id\":\"https:\/\/torredeoracao.curitiba.br\/#\/schema\/logo\/image\/\"}}]}<\/script>\n<!-- \/ Yoast SEO plugin. -->","yoast_head_json":{"title":"Torre de Ora\u00e7\u00e3o Curitiba - Agendamento dos turnos de ora\u00e7\u00e3o","description":"Saiba mais sobre o movimento ora\u00e7\u00e3o na Torre Panor\u00e2mica de Curitiba, fruto da unidade das Igrejas Evang\u00e9licas de Curitiba.","robots":{"index":"index","follow":"follow","max-snippet":"max-snippet:-1","max-image-preview":"max-image-preview:large","max-video-preview":"max-video-preview:-1"},"canonical":"https:\/\/torredeoracao.curitiba.br\/","og_locale":"pt_BR","og_type":"article","og_title":"Torre de Ora\u00e7\u00e3o","og_description":"Agendamento dos turnos de ora\u00e7\u00e3o","og_url":"https:\/\/torredeoracao.curitiba.br\/","og_site_name":"Torre de Ora\u00e7\u00e3o","article_modified_time":"2023-05-13T19:37:50+00:00","og_image":[{"width":2560,"height":1707,"url":"https:\/\/torredeoracao.curitiba.br\/wp-content\/uploads\/2023\/04\/52846041515_44bed7ddc6_5k-scaled.jpg","type":"image\/jpeg"}],"twitter_card":"summary_large_image","twitter_title":"Torre de Ora\u00e7\u00e3o","twitter_description":"Agendamento dos turnos de ora\u00e7\u00e3o","twitter_image":"https:\/\/torredeoracao.curitiba.br\/wp-content\/uploads\/2023\/04\/52846041515_44bed7ddc6_5k-scaled.jpg","twitter_misc":{"Est. tempo de leitura":"11 minutos"},"schema":{"@context":"https:\/\/schema.org","@graph":[{"@type":"WebPage","@id":"https:\/\/torredeoracao.curitiba.br\/","url":"https:\/\/torredeoracao.curitiba.br\/","name":"Torre de Ora\u00e7\u00e3o Curitiba - Agendamento dos turnos de ora\u00e7\u00e3o","isPartOf":{"@id":"https:\/\/torredeoracao.curitiba.br\/#website"},"primaryImageOfPage":{"@id":"https:\/\/torredeoracao.curitiba.br\/#primaryimage"},"image":{"@id":"https:\/\/torredeoracao.curitiba.br\/#primaryimage"},"thumbnailUrl":"https:\/\/torredeoracao.curitiba.br\/wp-content\/uploads\/2023\/04\/59954c5ebc3677b13792a8b1b394b649-1024x683.jpg","datePublished":"2023-04-26T23:21:45+00:00","dateModified":"2023-05-13T19:37:50+00:00","description":"Saiba mais sobre o movimento ora\u00e7\u00e3o na Torre Panor\u00e2mica de Curitiba, fruto da unidade das Igrejas Evang\u00e9licas de Curitiba.","breadcrumb":{"@id":"https:\/\/torredeoracao.curitiba.br\/#breadcrumb"},"inLanguage":"pt-BR","potentialAction":[{"@type":"ReadAction","target":["https:\/\/torredeoracao.curitiba.br\/"]}]},{"@type":"ImageObject","inLanguage":"pt-BR","@id":"https:\/\/torredeoracao.curitiba.br\/#primaryimage","url":"https:\/\/torredeoracao.curitiba.br\/wp-content\/uploads\/2023\/04\/59954c5ebc3677b13792a8b1b394b649-scaled.jpg","contentUrl":"https:\/\/torredeoracao.curitiba.br\/wp-content\/uploads\/2023\/04\/59954c5ebc3677b13792a8b1b394b649-scaled.jpg","width":2560,"height":1707},{"@type":"BreadcrumbList","@id":"https:\/\/torredeoracao.curitiba.br\/#breadcrumb","itemListElement":[{"@type":"ListItem","position":1,"name":"In\u00edcio","item":"https:\/\/torredeoracao.curitiba.br\/"},{"@type":"ListItem","position":2,"name":"Torre de Ora\u00e7\u00e3o Curitiba"}]},{"@type":"WebSite","@id":"https:\/\/torredeoracao.curitiba.br\/#website","url":"https:\/\/torredeoracao.curitiba.br\/","name":"Torre de Ora\u00e7\u00e3o Curitiba","description":"Agendamento dos turnos de ora\u00e7\u00e3o ","publisher":{"@id":"https:\/\/torredeoracao.curitiba.br\/#organization"},"potentialAction":[{"@type":"SearchAction","target":{"@type":"EntryPoint","urlTemplate":"https:\/\/torredeoracao.curitiba.br\/?s={search_term_string}"},"query-input":{"@type":"PropertyValueSpecification","valueRequired":true,"valueName":"search_term_string"}}],"inLanguage":"pt-BR"},{"@type":"Organization","@id":"https:\/\/torredeoracao.curitiba.br\/#organization","name":"Torre de Ora\u00e7\u00e3o Curitiba","url":"https:\/\/torredeoracao.curitiba.br\/","logo":{"@type":"ImageObject","inLanguage":"pt-BR","@id":"https:\/\/torredeoracao.curitiba.br\/#\/schema\/logo\/image\/","url":"https:\/\/torredeoracao.curitiba.br\/wp-content\/uploads\/2023\/05\/Oi-Torre-Panoramica-Curitiba-Space-1.jpg","contentUrl":"https:\/\/torredeoracao.curitiba.br\/wp-content\/uploads\/2023\/05\/Oi-Torre-Panoramica-Curitiba-Space-1.jpg","width":1000,"height":1000,"caption":"Torre de Ora\u00e7\u00e3o Curitiba"},"image":{"@id":"https:\/\/torredeoracao.curitiba.br\/#\/schema\/logo\/image\/"}}]}},"_links":{"self":[{"href":"https:\/\/torredeoracao.curitiba.br\/index.php?rest_route=\/wp\/v2\/pages\/9","targetHints":{"allow":["GET"]}}],"collection":[{"href":"https:\/\/torredeoracao.curitiba.br\/index.php?rest_route=\/wp\/v2\/pages"}],"about":[{"href":"https:\/\/torredeoracao.curitiba.br\/index.php?rest_route=\/wp\/v2\/types\/page"}],"author":[{"embeddable":true,"href":"https:\/\/torredeoracao.curitiba.br\/index.php?rest_route=\/wp\/v2\/users\/1"}],"replies":[{"embeddable":true,"href":"https:\/\/torredeoracao.curitiba.br\/index.php?rest_route=%2Fwp%2Fv2%2Fcomments&post=9"}],"version-history":[{"count":535,"href":"https:\/\/torredeoracao.curitiba.br\/index.php?rest_route=\/wp\/v2\/pages\/9\/revisions"}],"predecessor-version":[{"id":694,"href":"https:\/\/torredeoracao.curitiba.br\/index.php?rest_route=\/wp\/v2\/pages\/9\/revisions\/694"}],"wp:attachment":[{"href":"https:\/\/torredeoracao.curitiba.br\/index.php?rest_route=%2Fwp%2Fv2%2Fmedia&parent=9"}],"curies":[{"name":"wp","href":"https:\/\/api.w.org\/{rel}","templated":true}]}}